{"id":2,"date":"2019-12-05T13:36:43","date_gmt":"2019-12-05T10:36:43","guid":{"rendered":"https:\/\/sergi2021.ebyu.edu.tr\/?page_id=2"},"modified":"2021-04-16T13:11:32","modified_gmt":"2021-04-16T10:11:32","slug":"hakkimizda","status":"publish","type":"page","link":"https:\/\/sergi2021.ebyu.edu.tr\/?page_id=2","title":{"rendered":"Sergi Hakk\u0131nda"},"content":{"rendered":"<p>[et_pb_section fb_built=&#8221;1&#8243; admin_label=&#8221;Header&#8221; _builder_version=&#8221;3.24&#8243; background_image=&#8221;https:\/\/sergi2021.ebyu.edu.tr\/wp-content\/uploads\/2020\/04\/art-gallery-55.jpg&#8221; background_size=&#8221;initial&#8221; background_repeat=&#8221;repeat&#8221;][et_pb_row custom_padding_last_edited=&#8221;off|phone&#8221; _builder_version=&#8221;3.25&#8243; background_position=&#8221;bottom_center&#8221; custom_padding_tablet=&#8221;17vw||17vw||false&#8221; use_custom_width=&#8221;on&#8221; width_unit=&#8221;off&#8221; custom_width_percent=&#8221;100%&#8221; locked=&#8221;off&#8221;][et_pb_column type=&#8221;4_4&#8243; _builder_version=&#8221;3.25&#8243; custom_padding=&#8221;|||&#8221; custom_padding__hover=&#8221;|||&#8221;][et_pb_text _builder_version=&#8221;4.4.3&#8243; text_font=&#8221;||||||||&#8221; header_font=&#8221;||||||||&#8221; header_2_font=&#8221;Prata|500|||||||&#8221; header_2_text_align=&#8221;left&#8221; header_2_font_size=&#8221;56px&#8221; header_2_line_height=&#8221;1.3em&#8221; transform_translate_linked=&#8221;off&#8221; max_width=&#8221;100%&#8221; max_width_tablet=&#8221;70%&#8221; max_width_last_edited=&#8221;off|phone&#8221; header_2_font_size_tablet=&#8221;40px&#8221; header_2_font_size_phone=&#8221;26px&#8221; header_2_font_size_last_edited=&#8221;on|desktop&#8221;]<\/p>\n<h2>Sergi Hakk\u0131nda<\/h2>\n<p>[\/et_pb_text][\/et_pb_column][\/et_pb_row][et_pb_row _builder_version=&#8221;3.25&#8243;][et_pb_column type=&#8221;4_4&#8243; _builder_version=&#8221;3.25&#8243; custom_padding=&#8221;|||&#8221; custom_padding__hover=&#8221;|||&#8221;][et_pb_text _builder_version=&#8221;4.9.4&#8243; text_font=&#8221;||||||||&#8221; header_font=&#8221;||||||||&#8221; max_width=&#8221;700px&#8221; module_alignment=&#8221;center&#8221; hover_enabled=&#8221;0&#8243; sticky_enabled=&#8221;0&#8243;]<\/p>\n<p style=\"text-align: justify;\"><strong>\u201c Sanat\u00e7\u0131lar\u0131n gereksiz oldu\u011funu d\u00fc\u015f\u00fcn\u00fcyorsan\u0131z, karantina s\u00fcrecini m\u00fczik, kitaplar, \u015fiirler, filmler ve resimler olmadan ge\u00e7irmeyi deneyin!\u201d<\/strong> \u00dcnl\u00fc Amerikan yazar\u0131 Stephen King\u2019in att\u0131\u011f\u0131 tweet sanat ve hayat ili\u015fkisi \u00fczerine harika bir tespit olmas\u0131n\u0131n yan\u0131nda yeni sorular\u0131 da beraberinde getiriyor. \u00d6rne\u011fin, hayat\u0131n normlar\u0131n\u0131n de\u011fi\u015fmesi olarak anlad\u0131\u011f\u0131m\u0131z yeni normaller sanat ad\u0131na ne gibi de\u011fi\u015fiklikler getirmi\u015f olabilir? Hayat h\u0131z\u0131n\u0131n ve hareketlili\u011finin azalmas\u0131 evde ge\u00e7irilen uzun g\u00fcnler sanata olan ihtiyac\u0131 neden art\u0131rm\u0131\u015f olsun? Sanatsal taleplerimizin artmas\u0131, salg\u0131n\u0131n bizlere dayatt\u0131\u011f\u0131 uyum g\u00f6sterme zorunlu\u011fundan m\u0131, ev i\u00e7i ileti\u015fimsizliklerinin getirdi\u011fi yaln\u0131z kalma durumu ile ba\u015f etme \u00e7abas\u0131ndan m\u0131d\u0131r? Bu sorular\u0131n g\u00f6rece bir\u00e7ok cevab\u0131 olsa da, \u201czaman\u201d ve \u201c\u00f6ncelikler\u201d deki d\u00f6n\u00fc\u015f\u00fcme odaklanmak daha do\u011fru gibi. Bunun yan\u0131nda salg\u0131n nedeniyle ya\u015famak zorunda kald\u0131\u011f\u0131m\u0131z asosyal hayat zaman ve \u00f6nceliklerin de payla\u015f\u0131lmas\u0131na engel. Bu iki kavram\u0131n kullan\u0131lmas\u0131nda meydana gelen d\u00f6n\u00fc\u015f\u00fcm\u00fcn dayatt\u0131\u011f\u0131 zorunluluklar\u0131n tan\u0131\u015ft\u0131rd\u0131\u011f\u0131 ve al\u0131\u015ft\u0131rd\u0131\u011f\u0131 yeni \u015feyler bizlere g\u00fczellikler ya\u015fatm\u0131\u015f olsa da umar\u0131z ki bizi birbirimize yabanc\u0131 yapmaz. Umar\u0131z ki, salg\u0131n d\u00f6neminde sanat vir\u00fcs\u00fcn\u00fcn bula\u015ft\u0131\u011f\u0131 ki\u015filerle yeniden ve daha \u00e7ok kat\u0131l\u0131mla keseriz kurdelelerini sergilerimizin, a\u00e7ar\u0131z kap\u0131lar\u0131n\u0131 konserlerin ve kitap imza g\u00fcnlerinin, s\u00f6yle\u015filerin\u2026<\/p>\n<p style=\"text-align: justify;\">Erzincan Binali Y\u0131ld\u0131r\u0131m \u00dcniversitesi E\u011fitim Fak\u00fcltesi G\u00fczel Sanatlar E\u011fitimi B\u00f6l\u00fcm\u00fc \u00f6\u011fretim elemanlar\u0131 olarak zamana, \u00f6nceliklerimize ve \u00f6zellikle dayan\u0131\u015fmaya verdi\u011fimiz \u00f6nemle salg\u0131nla ba\u015fa \u00e7\u0131k\u0131labilece\u011fi bilinciyle hareket ediyoruz. Hevesimiz ve \u00e7abam\u0131z sanat vir\u00fcs\u00fcn\u00fcn daha fazla insana ula\u015fmas\u0131n\u0131 sa\u011flamak, salg\u0131n sonras\u0131 sanat\u0131n ger\u00e7eklik sahnesine d\u00f6n\u00fc\u015f\u00fcn\u00fc daha \u00e7ok kat\u0131l\u0131mla ve birlikte kutlamak.<\/p>\n<p style=\"text-align: justify;\">Bu d\u00fc\u015f\u00fcnce ve duygularla d\u00fczenledi\u011fimiz \u201c Karantina II\u201d isimli sergimizle t\u00fcm sanat\u00e7\u0131lar\u0131n ve sanatseverlerin 15 Nisan D\u00fcnya Sanat g\u00fcn\u00fcn\u00fc kutluyor, sergimize kat\u0131l\u0131mlar\u0131 dolay\u0131s\u0131yla sanat\u00e7\u0131lar\u0131m\u0131za te\u015fekk\u00fcrlerimizi sunuyoruz.<\/p>\n<p style=\"text-align: justify;\">\u201cEvde, sanatla ve sa\u011fl\u0131kla kal\u0131n\u201d<\/p>\n<p style=\"text-align: right;\">Prof. Dr. Orhan TA\u015eKESEN<\/p>\n<p>[\/et_pb_text][\/et_pb_column][\/et_pb_row][\/et_pb_section][et_pb_section fb_built=&#8221;1&#8243; admin_label=&#8221;About&#8221; _builder_version=&#8221;3.24&#8243; background_image=&#8221;https:\/\/sergi2021.ebyu.edu.tr\/wp-content\/uploads\/2020\/04\/art-gallery-55.jpg&#8221; background_size=&#8221;initial&#8221; background_repeat=&#8221;repeat&#8221;][et_pb_row column_structure=&#8221;1_3,2_3&#8243; _builder_version=&#8221;3.25&#8243; max_width=&#8221;1280px&#8221;][et_pb_column type=&#8221;1_3&#8243; _builder_version=&#8221;3.25&#8243; custom_padding=&#8221;|||&#8221; custom_padding__hover=&#8221;|||&#8221;][et_pb_image src=&#8221;https:\/\/sergi2021.ebyu.edu.tr\/wp-content\/uploads\/2021\/04\/SERGI-AFIS.jpg&#8221; title_text=&#8221;SERG\u0130-AF\u0130\u015e&#8221; _builder_version=&#8221;4.9.4&#8243; width=&#8221;100%&#8221; custom_margin=&#8221;||29px|||&#8221;][\/et_pb_image][\/et_pb_column][et_pb_column type=&#8221;2_3&#8243; _builder_version=&#8221;3.25&#8243; custom_padding=&#8221;|||&#8221; custom_padding__hover=&#8221;|||&#8221;][et_pb_text _builder_version=&#8221;4.9.4&#8243; text_font=&#8221;||||||||&#8221; header_font=&#8221;|700|||||||&#8221; header_font_size=&#8221;20px&#8221; header_line_height=&#8221;1.3em&#8221; header_3_font=&#8221;|700|||||||&#8221; header_3_font_size=&#8221;20px&#8221; header_3_line_height=&#8221;1.3em&#8221; background_color=&#8221;#ffffff&#8221; custom_margin=&#8221;150px||&#8221; custom_margin_tablet=&#8221;0px|||&#8221; custom_margin_phone=&#8221;&#8221; custom_margin_last_edited=&#8221;on|tablet&#8221; custom_padding=&#8221;40px|40px|40px|40px|true|true&#8221; hover_enabled=&#8221;0&#8243; header_font_size_tablet=&#8221;&#8221; header_font_size_phone=&#8221;&#8221; header_font_size_last_edited=&#8221;on|desktop&#8221; box_shadow_style=&#8221;preset3&#8243; box_shadow_horizontal=&#8221;-70px&#8221; box_shadow_vertical=&#8221;70px&#8221; box_shadow_blur=&#8221;80px&#8221; box_shadow_spread=&#8221;0px&#8221; box_shadow_color=&#8221;rgba(67,58,122,0.1)&#8221; sticky_enabled=&#8221;0&#8243;]<\/p>\n<p><strong>SERG\u0130 D\u00dcZENLEME KURULU<\/strong><\/p>\n<p><strong>Birim Yetkilisi<\/strong><\/p>\n<p>Erzincan Binali Y\u0131ld\u0131r\u0131m \u00dcniversitesi \u00a0E\u011fitim Fak\u00fcltesi Dekan\u0131<\/p>\n<p>Prof. Dr. M\u00fccahit KA\u011eAN<\/p>\n<p>E\u011fitim Fak\u00fcltesi Dekan Yard\u0131mc\u0131lar\u0131<\/p>\n<p>Do\u00e7. Dr. Erdem YAVUZ<\/p>\n<p>Do\u00e7. Dr. Alper KA\u015eKAYA<\/p>\n<p><strong>G\u00fczel Sanatlar E\u011fitimi<\/strong><\/p>\n<p><strong>Resim \u0130\u015f E\u011fitimi Ana Bilim Dal\u0131<\/strong><\/p>\n<p><strong>\u00d6\u011fretim \u00dcyeleri:<\/strong><\/p>\n<p>Prof. Dr. Orhan TA\u015eKESEN (B\u00f6l\u00fcm Ba\u015fkan\u0131)<\/p>\n<p>Do\u00e7. Dr. Selma TA\u015eKESEN (Ana Bilim Dal\u0131 Ba\u015fkan\u0131)<\/p>\n<p>Do\u00e7. Dr. Funda NALDAN C\u0130M\u0130NL\u0130<\/p>\n<p>Dr. \u00d6\u011fr. \u00dcyesi H\u00fcseyin \u00d6ZN\u00dcL\u00dcER<\/p>\n<p>Dr. \u00d6\u011fr. \u00dcyesi Ebru G\u00dcLER<\/p>\n<p>Dr. \u00d6\u011fr. \u00dcyesi Yasemin G\u00dcL<\/p>\n<p>Ar\u015f. G\u00f6r. G\u00fcne\u015f DEM\u0130R<\/p>\n<p>Ar\u015f. G\u00f6r. \u015eeyda TANO\u011eLU<\/p>\n<p><strong>Bilgi \u0130\u015flem Destek\u00a0<\/strong><\/p>\n<p>\u00d6\u011fr. G\u00f6r. Ya\u015far CEYLAN<\/p>\n<p>M. Aykut ALTUNKURT<\/p>\n<p>[\/et_pb_text][\/et_pb_column][\/et_pb_row][\/et_pb_section][et_pb_section fb_built=&#8221;1&#8243; admin_label=&#8221;Features&#8221; _builder_version=&#8221;3.24&#8243; background_image=&#8221;https:\/\/sergi2021.ebyu.edu.tr\/wp-content\/uploads\/2020\/04\/art-gallery-55.jpg&#8221; background_size=&#8221;initial&#8221; background_repeat=&#8221;repeat&#8221;][et_pb_row column_structure=&#8221;1_3,1_3,1_3&#8243; use_custom_gutter=&#8221;on&#8221; gutter_width=&#8221;2&#8243; _builder_version=&#8221;3.25&#8243; locked=&#8221;off&#8221;][et_pb_column type=&#8221;1_3&#8243; _builder_version=&#8221;3.25&#8243; custom_padding=&#8221;|||&#8221; custom_padding__hover=&#8221;|||&#8221;][et_pb_image src=&#8221;https:\/\/sergi2021.ebyu.edu.tr\/wp-content\/uploads\/2020\/04\/indir.jpg&#8221; align=&#8221;center&#8221; _builder_version=&#8221;4.4.3&#8243; border_width_all=&#8221;16px&#8221; border_color_all=&#8221;#ffffff&#8221; border_width_all_last_edited=&#8221;off|desktop&#8221; box_shadow_style=&#8221;preset4&#8243; box_shadow_horizontal=&#8221;0px&#8221; box_shadow_vertical=&#8221;0px&#8221; box_shadow_spread=&#8221;1px&#8221; box_shadow_color=&#8221;rgba(0,0,0,0.34)&#8221; box_shadow_color__hover=&#8221;#000000&#8243; border_width_all__hover=&#8221;20px&#8221;][\/et_pb_image][\/et_pb_column][et_pb_column type=&#8221;1_3&#8243; _builder_version=&#8221;3.25&#8243; custom_padding=&#8221;|||&#8221; custom_padding__hover=&#8221;|||&#8221;][et_pb_image src=&#8221;https:\/\/sergi2021.ebyu.edu.tr\/wp-content\/uploads\/2020\/04\/indir2.png&#8221; align=&#8221;center&#8221; _builder_version=&#8221;4.4.3&#8243; border_width_all=&#8221;16px&#8221; border_color_all=&#8221;#ffffff&#8221; border_width_all_last_edited=&#8221;off|desktop&#8221; box_shadow_style=&#8221;preset4&#8243; box_shadow_horizontal=&#8221;0px&#8221; box_shadow_vertical=&#8221;0px&#8221; box_shadow_spread=&#8221;1px&#8221; box_shadow_color=&#8221;rgba(0,0,0,0.34)&#8221; box_shadow_color__hover=&#8221;#000000&#8243; border_width_all__hover=&#8221;20px&#8221;][\/et_pb_image][\/et_pb_column][et_pb_column type=&#8221;1_3&#8243; _builder_version=&#8221;3.25&#8243; custom_padding=&#8221;|||&#8221; custom_padding__hover=&#8221;|||&#8221;][et_pb_image src=&#8221;https:\/\/sergi2021.ebyu.edu.tr\/wp-content\/uploads\/2020\/04\/indir-3.jpg&#8221; align=&#8221;center&#8221; _builder_version=&#8221;4.4.3&#8243; border_width_all=&#8221;16px&#8221; border_color_all=&#8221;#ffffff&#8221; border_width_all_last_edited=&#8221;off|desktop&#8221; box_shadow_style=&#8221;preset4&#8243; box_shadow_horizontal=&#8221;0px&#8221; box_shadow_vertical=&#8221;0px&#8221; box_shadow_spread=&#8221;1px&#8221; box_shadow_color=&#8221;rgba(0,0,0,0.34)&#8221; box_shadow_color__hover=&#8221;#000000&#8243; border_width_all__hover=&#8221;20px&#8221;][\/et_pb_image][\/et_pb_column][\/et_pb_row][\/et_pb_section][et_pb_section fb_built=&#8221;1&#8243; admin_label=&#8221;Footer&#8221; _builder_version=&#8221;3.24&#8243; background_size=&#8221;initial&#8221; background_repeat=&#8221;repeat-y&#8221; custom_padding=&#8221;0px|||||&#8221; saved_tabs=&#8221;all&#8221; locked=&#8221;off&#8221;][et_pb_row column_structure=&#8221;1_3,1_3,1_3&#8243; use_custom_gutter=&#8221;on&#8221; gutter_width=&#8221;2&#8243; _builder_version=&#8221;3.25&#8243; border_width_top=&#8221;2px&#8221;][et_pb_column type=&#8221;1_3&#8243; _builder_version=&#8221;3.25&#8243; custom_padding=&#8221;|||&#8221; custom_padding__hover=&#8221;|||&#8221;][et_pb_text _builder_version=&#8221;4.4.3&#8243; text_font=&#8221;||||||||&#8221; text_font_size=&#8221;12px&#8221; text_line_height=&#8221;2em&#8221; link_font=&#8221;||||on||||&#8221; link_text_color=&#8221;#666666&#8243; header_font=&#8221;||||||||&#8221; header_text_align=&#8221;left&#8221; header_3_font=&#8221;|700||on|||||&#8221; header_3_font_size=&#8221;12px&#8221; header_3_letter_spacing=&#8221;5px&#8221; header_3_line_height=&#8221;1.8em&#8221; max_width_tablet=&#8221;70%&#8221; max_width_last_edited=&#8221;off|phone&#8221; header_3_font_size_tablet=&#8221;&#8221; header_3_font_size_phone=&#8221;&#8221; header_3_font_size_last_edited=&#8221;on|desktop&#8221; locked=&#8221;off&#8221;]<\/p>\n<h3>Adres<\/h3>\n<p>Erzincan Binali Y\u0131ld\u0131r\u0131m \u00dcniversitesi\u00a0<\/p>\n<p>E\u011fitim Fak\u00fcltesi G\u00fczel Sanatlar E\u011fitimi B\u00f6l\u00fcm\u00fc<\/p>\n<p>Resim \u0130\u015f E\u011fitimi Ana Bilim Dal\u0131<\/p>\n<p>Yaln\u0131zba\u011f Yerle\u015fkesi Zemin Kat<\/p>\n<p>[\/et_pb_text][\/et_pb_column][et_pb_column type=&#8221;1_3&#8243; _builder_version=&#8221;3.25&#8243; custom_padding=&#8221;|||&#8221; custom_padding__hover=&#8221;|||&#8221;][et_pb_text _builder_version=&#8221;4.9.4&#8243; text_font=&#8221;||||||||&#8221; text_font_size=&#8221;12px&#8221; text_line_height=&#8221;2em&#8221; link_font=&#8221;||||on||||&#8221; link_text_color=&#8221;#666666&#8243; header_font=&#8221;||||||||&#8221; header_text_align=&#8221;left&#8221; header_3_font=&#8221;|700||on|||||&#8221; header_3_font_size=&#8221;12px&#8221; header_3_letter_spacing=&#8221;5px&#8221; header_3_line_height=&#8221;1.8em&#8221; max_width_tablet=&#8221;70%&#8221; max_width_last_edited=&#8221;off|phone&#8221; header_3_font_size_tablet=&#8221;&#8221; header_3_font_size_phone=&#8221;&#8221; header_3_font_size_last_edited=&#8221;on|desktop&#8221; locked=&#8221;off&#8221;]<\/p>\n<h3>Eri\u015fim:<\/h3>\n<p>15 Nisan 2021 17:00 itibariyle eri\u015fime a\u00e7\u0131k kalacakt\u0131r.<\/p>\n<p>[\/et_pb_text][\/et_pb_column][et_pb_column type=&#8221;1_3&#8243; _builder_version=&#8221;3.25&#8243; custom_padding=&#8221;|||&#8221; custom_padding__hover=&#8221;|||&#8221;][et_pb_text _builder_version=&#8221;3.27.4&#8243; text_font=&#8221;||||||||&#8221; text_font_size=&#8221;12px&#8221; text_line_height=&#8221;2em&#8221; link_font=&#8221;||||on||||&#8221; link_text_color=&#8221;#666666&#8243; header_font=&#8221;||||||||&#8221; header_text_align=&#8221;left&#8221; header_2_font=&#8221;||||||||&#8221; header_3_font=&#8221;|700||on|||||&#8221; header_3_font_size=&#8221;12px&#8221; header_3_letter_spacing=&#8221;5px&#8221; header_3_line_height=&#8221;1.8em&#8221; max_width_tablet=&#8221;70%&#8221; max_width_last_edited=&#8221;off|phone&#8221; header_3_font_size_tablet=&#8221;&#8221; header_3_font_size_phone=&#8221;&#8221; header_3_font_size_last_edited=&#8221;on|desktop&#8221; locked=&#8221;off&#8221;]<\/p>\n<h3>Follow<\/h3>\n<p>[\/et_pb_text][et_pb_social_media_follow _builder_version=&#8221;3.24&#8243; custom_margin=&#8221;-20px|||-10px&#8221; custom_margin_tablet=&#8221;&#8221; custom_margin_phone=&#8221;-20px||&#8221; custom_margin_last_edited=&#8221;on|desktop&#8221; filter_invert=&#8221;100%&#8221; locked=&#8221;off&#8221; icon_color__hover=&#8221;#e02b20&#8243;][et_pb_social_media_follow_network social_network=&#8221;facebook&#8221; _builder_version=&#8221;3.23.3&#8243; follow_button=&#8221;off&#8221; url_new_window=&#8221;on&#8221;]facebook[\/et_pb_social_media_follow_network][et_pb_social_media_follow_network social_network=&#8221;twitter&#8221; _builder_version=&#8221;3.23.3&#8243; follow_button=&#8221;off&#8221; url_new_window=&#8221;on&#8221;]twitter[\/et_pb_social_media_follow_network][et_pb_social_media_follow_network social_network=&#8221;google-plus&#8221; _builder_version=&#8221;3.23.3&#8243; follow_button=&#8221;off&#8221; url_new_window=&#8221;on&#8221;]google-plus[\/et_pb_social_media_follow_network][et_pb_social_media_follow_network social_network=&#8221;instagram&#8221; _builder_version=&#8221;3.23.3&#8243; follow_button=&#8221;off&#8221; url_new_window=&#8221;on&#8221;]instagram[\/et_pb_social_media_follow_network][\/et_pb_social_media_follow][\/et_pb_column][\/et_pb_row][\/et_pb_section]<\/p>\n","protected":false},"excerpt":{"rendered":"<p>Sergi Hakk\u0131nda\u201c Sanat\u00e7\u0131lar\u0131n gereksiz oldu\u011funu d\u00fc\u015f\u00fcn\u00fcyorsan\u0131z, karantina s\u00fcrecini m\u00fczik, kitaplar, \u015fiirler, filmler ve resimler olmadan ge\u00e7irmeyi deneyin!\u201d \u00dcnl\u00fc Amerikan yazar\u0131 Stephen King\u2019in att\u0131\u011f\u0131 tweet sanat ve hayat ili\u015fkisi \u00fczerine harika bir tespit olmas\u0131n\u0131n yan\u0131nda yeni sorular\u0131 da beraberinde getiriyor. \u00d6rne\u011fin, hayat\u0131n normlar\u0131n\u0131n de\u011fi\u015fmesi olarak anlad\u0131\u011f\u0131m\u0131z yeni normaller sanat ad\u0131na ne gibi de\u011fi\u015fiklikler getirmi\u015f olabilir? Hayat [&hellip;]<\/p>\n","protected":false},"author":7,"featured_media":0,"parent":0,"menu_order":0,"comment_status":"closed","ping_status":"closed","template":"","meta":{"_et_pb_use_builder":"on","_et_pb_old_content":"<!-- wp:paragraph -->\r\n<p>Bu \u00f6rnek bir sayfad\u0131r. Bir blog yaz\u0131s\u0131ndan farkl\u0131d\u0131r \u00e7\u00fcnk\u00fc belirli bir yerde sabit olarak kal\u0131r ve teman\u0131z\u0131n dola\u015f\u0131m men\u00fcs\u00fcnde ba\u015fl\u0131\u011f\u0131 g\u00f6r\u00fcnt\u00fclenir(\u00e7o\u011fu tema destekler). Bir \u00e7ok insan potansiyel ziyaret\u00e7ilerini kar\u015f\u0131lamak ad\u0131na bir Hakk\u0131nda sayfas\u0131 kullan\u0131r. \u015euna benzeyen bir sayfa:<\/p>\r\n<!-- \/wp:paragraph --><!-- wp:quote -->\r\n<blockquote class=\"wp-block-quote\">\r\n<p>Merhaba! G\u00fcnd\u00fczleri bisikletli kurye, geceleri ise hevesli bir akt\u00f6r\u00fcm, buras\u0131 da benim sitem. \u0130stanbul\u2019da ya\u015f\u0131yorum, B\u0131d\u0131k isminde harika bir k\u00f6pe\u011fim var ve pi\u00f1a colada i\u00e7meyi seviyorum. (Ve ya\u011fmura yakalanmay\u0131.)<\/p>\r\n<\/blockquote>\r\n<!-- \/wp:quote --><!-- wp:paragraph -->\r\n<p>\u2026ya da bunun gibi bir \u015feyler:<\/p>\r\n<!-- \/wp:paragraph --><!-- wp:quote -->\r\n<blockquote class=\"wp-block-quote\">\r\n<p>XYZ firmas\u0131 1971\u2019de kurulmu\u015ftur ve kuruldu\u011fundan bu yana kaliteli \u015feyler \u00fcretmektedir. Gotham \u015fehrinde konu\u015flanm\u0131\u015f olan XYZ firmas\u0131 2.000\u2019in \u00fczerinde \u00e7al\u0131\u015fan\u0131 ile Gotham \u015fehri i\u00e7in her \u015feyin en iyisini yapmaya \u00e7al\u0131\u015fmaktad\u0131r.<\/p>\r\n<\/blockquote>\r\n<!-- \/wp:quote --><!-- wp:paragraph -->\r\n<p>Yeni bir WordPress kullan\u0131c\u0131s\u0131 olarak \u00f6ncelikle <a href=\"https:\/\/sergi2021.ebyu.edu.tr\/wp-admin\/\">ba\u015flang\u0131\u00e7 sayfas\u0131na<\/a> giderek bu sayfay\u0131 silip kendi sayfalar\u0131n\u0131z\u0131 olu\u015fturmal\u0131s\u0131n\u0131z. \u0130yi e\u011flenceler!<\/p>\r\n<!-- \/wp:paragraph -->","_et_gb_content_width":"","footnotes":""},"class_list":["post-2","page","type-page","status-publish","hentry"],"jetpack_sharing_enabled":true,"jetpack_likes_enabled":true,"_links":{"self":[{"href":"https:\/\/sergi2021.ebyu.edu.tr\/index.php?rest_route=\/wp\/v2\/pages\/2","targetHints":{"allow":["GET"]}}],"collection":[{"href":"https:\/\/sergi2021.ebyu.edu.tr\/index.php?rest_route=\/wp\/v2\/pages"}],"about":[{"href":"https:\/\/sergi2021.ebyu.edu.tr\/index.php?rest_route=\/wp\/v2\/types\/page"}],"author":[{"embeddable":true,"href":"https:\/\/sergi2021.ebyu.edu.tr\/index.php?rest_route=\/wp\/v2\/users\/7"}],"replies":[{"embeddable":true,"href":"https:\/\/sergi2021.ebyu.edu.tr\/index.php?rest_route=%2Fwp%2Fv2%2Fcomments&post=2"}],"version-history":[{"count":43,"href":"https:\/\/sergi2021.ebyu.edu.tr\/index.php?rest_route=\/wp\/v2\/pages\/2\/revisions"}],"predecessor-version":[{"id":626,"href":"https:\/\/sergi2021.ebyu.edu.tr\/index.php?rest_route=\/wp\/v2\/pages\/2\/revisions\/626"}],"wp:attachment":[{"href":"https:\/\/sergi2021.ebyu.edu.tr\/index.php?rest_route=%2Fwp%2Fv2%2Fmedia&parent=2"}],"curies":[{"name":"wp","href":"https:\/\/api.w.org\/{rel}","templated":true}]}}